{"id":14726,"date":"2024-08-28T12:46:00","date_gmt":"2024-08-28T09:46:00","guid":{"rendered":"https:\/\/estoriaclinic.com.tr\/e-max-lamine-kaplamala\/"},"modified":"2024-09-27T13:50:15","modified_gmt":"2024-09-27T10:50:15","slug":"e-max-lamine-kaplamala","status":"publish","type":"page","link":"https:\/\/estoriaclinic.com.tr\/fr\/e-max-lamine-kaplamala\/","title":{"rendered":"Placage stratifi\u00e9 E-Max"},"content":{"rendered":"\t\t<div data-elementor-type=\"wp-page\" data-elementor-id=\"14726\" class=\"elementor elementor-14726 elementor-13715\">\n\t\t\t\t<div class=\"elementor-element elementor-element-f632d1f e-flex e-con-boxed e-con e-parent\" data-id=\"f632d1f\" data-element_type=\"container\" data-core-v316-plus=\"true\">\n\t\t\t\t\t<div class=\"e-con-inner\">\n\t\t\t\t<div class=\"elementor-element elementor-element-0066414 elementor-widget elementor-widget-image\" data-id=\"0066414\" data-element_type=\"widget\" data-widget_type=\"image.default\">\n\t\t\t\t<div class=\"elementor-widget-container\">\n\t\t\t<style>\/*! elementor - v3.20.0 - 26-03-2024 *\/\n.elementor-widget-image{text-align:center}.elementor-widget-image a{display:inline-block}.elementor-widget-image a img[src$=\".svg\"]{width:48px}.elementor-widget-image img{vertical-align:middle;display:inline-block}<\/style>\t\t\t\t\t\t\t\t\t\t<img decoding=\"async\" src=\"https:\/\/estoriaclinic.com.tr\/wp-content\/uploads\/2024\/09\/e-max-lamine-scaled.webp\" title=\"e-max-lamine\" alt=\"e-max-lamine\" loading=\"lazy\" \/>\t\t\t\t\t\t\t\t\t\t\t\t\t<\/div>\n\t\t\t\t<\/div>\n\t\t\t\t\t<\/div>\n\t\t\t\t<\/div>\n\t\t<div class=\"elementor-element elementor-element-08f1e0e e-flex e-con-boxed e-con e-parent\" data-id=\"08f1e0e\" data-element_type=\"container\" data-core-v316-plus=\"true\">\n\t\t\t\t\t<div class=\"e-con-inner\">\n\t\t\t\t<div class=\"elementor-element elementor-element-34531ad elementor-widget elementor-widget-heading\" data-id=\"34531ad\" data-element_type=\"widget\" data-widget_type=\"heading.default\">\n\t\t\t\t<div class=\"elementor-widget-container\">\n\t\t\t<style>\/*! elementor - v3.20.0 - 26-03-2024 *\/\n.elementor-heading-title{padding:0;margin:0;line-height:1}.elementor-widget-heading .elementor-heading-title[class*=elementor-size-]>a{color:inherit;font-size:inherit;line-height:inherit}.elementor-widget-heading .elementor-heading-title.elementor-size-small{font-size:15px}.elementor-widget-heading .elementor-heading-title.elementor-size-medium{font-size:19px}.elementor-widget-heading .elementor-heading-title.elementor-size-large{font-size:29px}.elementor-widget-heading .elementor-heading-title.elementor-size-xl{font-size:39px}.elementor-widget-heading .elementor-heading-title.elementor-size-xxl{font-size:59px}<\/style><h3 class=\"elementor-heading-title elementor-size-default\">Qu'est-ce que le placage stratifi\u00e9 E-Max ?<\/h3>\t\t<\/div>\n\t\t\t\t<\/div>\n\t\t\t\t<div class=\"elementor-element elementor-element-26feb07 elementor-widget elementor-widget-text-editor\" data-id=\"26feb07\" data-element_type=\"widget\" data-widget_type=\"text-editor.default\">\n\t\t\t\t<div class=\"elementor-widget-container\">\n\t\t\t<style>\/*! elementor - v3.20.0 - 26-03-2024 *\/\n.elementor-widget-text-editor.elementor-drop-cap-view-stacked .elementor-drop-cap{background-color:#69727d;color:#fff}.elementor-widget-text-editor.elementor-drop-cap-view-framed .elementor-drop-cap{color:#69727d;border:3px solid;background-color:transparent}.elementor-widget-text-editor:not(.elementor-drop-cap-view-default) .elementor-drop-cap{margin-top:8px}.elementor-widget-text-editor:not(.elementor-drop-cap-view-default) .elementor-drop-cap-letter{width:1em;height:1em}.elementor-widget-text-editor .elementor-drop-cap{float:left;text-align:center;line-height:1;font-size:50px}.elementor-widget-text-editor .elementor-drop-cap-letter{display:inline-block}<\/style>\t\t\t\t<p class=\"p1\">Les facettes stratifi\u00e9es E-Max sont des feuilles de porcelaine minces et translucides qui sont plac\u00e9es sur la face avant des dents afin d&rsquo;am\u00e9liorer l&rsquo;esth\u00e9tique et la fonctionnalit\u00e9 de la dentition. E-Max est fabriqu\u00e9 \u00e0 partir d&rsquo;un type de porcelaine solide et durable, le disilicate de lithium. Ce mat\u00e9riau reproduit parfaitement la couleur et la transparence naturelles des dents, tout en offrant une durabilit\u00e9 exceptionnelle. Les facettes E-Max sont l&rsquo;une des solutions les plus pris\u00e9es en dentisterie esth\u00e9tique pour corriger la forme, la taille et la couleur des dents.<\/p>\t\t\t\t\t\t<\/div>\n\t\t\t\t<\/div>\n\t\t\t\t\t<\/div>\n\t\t\t\t<\/div>\n\t\t<div class=\"elementor-element elementor-element-0f7fb4f e-flex e-con-boxed e-con e-parent\" data-id=\"0f7fb4f\" data-element_type=\"container\" data-core-v316-plus=\"true\">\n\t\t\t\t\t<div class=\"e-con-inner\">\n\t\t\t\t<div class=\"elementor-element elementor-element-95ff05b elementor-widget elementor-widget-heading\" data-id=\"95ff05b\" data-element_type=\"widget\" data-widget_type=\"heading.default\">\n\t\t\t\t<div class=\"elementor-widget-container\">\n\t\t\t<h3 class=\"elementor-heading-title elementor-size-default\">Dans quelles situations le placage stratifi\u00e9 E-Max est-il pr\u00e9f\u00e9rable ?<\/h3>\t\t<\/div>\n\t\t\t\t<\/div>\n\t\t\t\t\t<\/div>\n\t\t\t\t<\/div>\n\t\t<div class=\"elementor-element elementor-element-90df485 e-flex e-con-boxed e-con e-parent\" data-id=\"90df485\" data-element_type=\"container\" data-core-v316-plus=\"true\">\n\t\t\t\t\t<div class=\"e-con-inner\">\n\t\t\t\t<div class=\"elementor-element elementor-element-f48ffb3 elementor-widget elementor-widget-heading\" data-id=\"f48ffb3\" data-element_type=\"widget\" data-widget_type=\"heading.default\">\n\t\t\t\t<div class=\"elementor-widget-container\">\n\t\t\t<h4 class=\"elementor-heading-title elementor-size-default\">D\u00e9coloration des dents<\/h4>\t\t<\/div>\n\t\t\t\t<\/div>\n\t\t\t\t\t<\/div>\n\t\t\t\t<\/div>\n\t\t<div class=\"elementor-element elementor-element-ac916d4 e-flex e-con-boxed e-con e-parent\" data-id=\"ac916d4\" data-element_type=\"container\" data-core-v316-plus=\"true\">\n\t\t\t\t\t<div class=\"e-con-inner\">\n\t\t\t\t<div class=\"elementor-element elementor-element-1081f63 elementor-widget elementor-widget-text-editor\" data-id=\"1081f63\" data-element_type=\"widget\" data-widget_type=\"text-editor.default\">\n\t\t\t\t<div class=\"elementor-widget-container\">\n\t\t\t\t\t\t\t<p class=\"p1\">Les facettes E-Max sont la solution id\u00e9ale lorsque la d\u00e9coloration des dents et les taches sont trop intenses pour \u00eatre \u00e9limin\u00e9es par un blanchiment. Ces facettes donnent \u00e0 vos dents une blancheur naturelle et \u00e9clatante.<\/p>\t\t\t\t\t\t<\/div>\n\t\t\t\t<\/div>\n\t\t\t\t\t<\/div>\n\t\t\t\t<\/div>\n\t\t<div class=\"elementor-element elementor-element-9ae7a28 e-flex e-con-boxed e-con e-parent\" data-id=\"9ae7a28\" data-element_type=\"container\" data-core-v316-plus=\"true\">\n\t\t\t\t\t<div class=\"e-con-inner\">\n\t\t\t\t<div class=\"elementor-element elementor-element-27a14b9 elementor-widget elementor-widget-heading\" data-id=\"27a14b9\" data-element_type=\"widget\" data-widget_type=\"heading.default\">\n\t\t\t\t<div class=\"elementor-widget-container\">\n\t\t\t<h4 class=\"elementor-heading-title elementor-size-default\">Dents tordues ou irr\u00e9guli\u00e8res<\/h4>\t\t<\/div>\n\t\t\t\t<\/div>\n\t\t\t\t\t<\/div>\n\t\t\t\t<\/div>\n\t\t<div class=\"elementor-element elementor-element-7cbd304 e-flex e-con-boxed e-con e-parent\" data-id=\"7cbd304\" data-element_type=\"container\" data-core-v316-plus=\"true\">\n\t\t\t\t\t<div class=\"e-con-inner\">\n\t\t\t\t<div class=\"elementor-element elementor-element-bb7410f elementor-widget elementor-widget-text-editor\" data-id=\"bb7410f\" data-element_type=\"widget\" data-widget_type=\"text-editor.default\">\n\t\t\t\t<div class=\"elementor-widget-container\">\n\t\t\t\t\t\t\t<p class=\"p1\">De l\u00e9g\u00e8res distorsions ou des probl\u00e8mes d&rsquo;alignement des dents peuvent \u00eatre corrig\u00e9s avec les facettes E-Max sans qu&rsquo;il soit n\u00e9cessaire de recourir \u00e0 un traitement orthodontique. Il est ainsi possible d&rsquo;obtenir un sourire plus esth\u00e9tique et plus sym\u00e9trique.<\/p>\t\t\t\t\t\t<\/div>\n\t\t\t\t<\/div>\n\t\t\t\t\t<\/div>\n\t\t\t\t<\/div>\n\t\t<div class=\"elementor-element elementor-element-6d8be24 e-flex e-con-boxed e-con e-parent\" data-id=\"6d8be24\" data-element_type=\"container\" data-core-v316-plus=\"true\">\n\t\t\t\t\t<div class=\"e-con-inner\">\n\t\t\t\t<div class=\"elementor-element elementor-element-5d9cb38 elementor-widget elementor-widget-heading\" data-id=\"5d9cb38\" data-element_type=\"widget\" data-widget_type=\"heading.default\">\n\t\t\t\t<div class=\"elementor-widget-container\">\n\t\t\t<h4 class=\"elementor-heading-title elementor-size-default\">Espacement des dents<\/h4>\t\t<\/div>\n\t\t\t\t<\/div>\n\t\t\t\t\t<\/div>\n\t\t\t\t<\/div>\n\t\t<div class=\"elementor-element elementor-element-38c88b6 e-flex e-con-boxed e-con e-parent\" data-id=\"38c88b6\" data-element_type=\"container\" data-core-v316-plus=\"true\">\n\t\t\t\t\t<div class=\"e-con-inner\">\n\t\t\t\t<div class=\"elementor-element elementor-element-d659851 elementor-widget elementor-widget-text-editor\" data-id=\"d659851\" data-element_type=\"widget\" data-widget_type=\"text-editor.default\">\n\t\t\t\t<div class=\"elementor-widget-container\">\n\t\t\t\t\t\t\t<p class=\"p1\">Les patients pr\u00e9sentant des espaces entre les dents (diast\u00e8mes) peuvent combler ces espaces et avoir une structure dentaire plus \u00e9quilibr\u00e9e gr\u00e2ce aux facettes E-Max.<\/p>\t\t\t\t\t\t<\/div>\n\t\t\t\t<\/div>\n\t\t\t\t\t<\/div>\n\t\t\t\t<\/div>\n\t\t<div class=\"elementor-element elementor-element-4bf1a38 e-flex e-con-boxed e-con e-parent\" data-id=\"4bf1a38\" data-element_type=\"container\" data-core-v316-plus=\"true\">\n\t\t\t\t\t<div class=\"e-con-inner\">\n\t\t\t\t<div class=\"elementor-element elementor-element-d568342 elementor-widget elementor-widget-heading\" data-id=\"d568342\" data-element_type=\"widget\" data-widget_type=\"heading.default\">\n\t\t\t\t<div class=\"elementor-widget-container\">\n\t\t\t<h4 class=\"elementor-heading-title elementor-size-default\">Dents cass\u00e9es ou us\u00e9es<\/h4>\t\t<\/div>\n\t\t\t\t<\/div>\n\t\t\t\t\t<\/div>\n\t\t\t\t<\/div>\n\t\t<div class=\"elementor-element elementor-element-ece51f7 e-flex e-con-boxed e-con e-parent\" data-id=\"ece51f7\" data-element_type=\"container\" data-core-v316-plus=\"true\">\n\t\t\t\t\t<div class=\"e-con-inner\">\n\t\t\t\t<div class=\"elementor-element elementor-element-690f680 elementor-widget elementor-widget-text-editor\" data-id=\"690f680\" data-element_type=\"widget\" data-widget_type=\"text-editor.default\">\n\t\t\t\t<div class=\"elementor-widget-container\">\n\t\t\t\t\t\t\t<p class=\"p1\">Les facettes E-Max sont la solution id\u00e9ale pour r\u00e9parer les dents cass\u00e9es, fissur\u00e9es ou us\u00e9es. Ces facettes restaurent \u00e0 la fois l&rsquo;aspect esth\u00e9tique et la fonction des dents.<\/p>\t\t\t\t\t\t<\/div>\n\t\t\t\t<\/div>\n\t\t\t\t\t<\/div>\n\t\t\t\t<\/div>\n\t\t<div class=\"elementor-element elementor-element-b75d333 e-flex e-con-boxed e-con e-parent\" data-id=\"b75d333\" data-element_type=\"container\" data-core-v316-plus=\"true\">\n\t\t\t\t\t<div class=\"e-con-inner\">\n\t\t\t\t<div class=\"elementor-element elementor-element-4d344d7 elementor-widget elementor-widget-heading\" data-id=\"4d344d7\" data-element_type=\"widget\" data-widget_type=\"heading.default\">\n\t\t\t\t<div class=\"elementor-widget-container\">\n\t\t\t<h4 class=\"elementor-heading-title elementor-size-default\">Conception esth\u00e9tique des sourires :<\/h4>\t\t<\/div>\n\t\t\t\t<\/div>\n\t\t\t\t\t<\/div>\n\t\t\t\t<\/div>\n\t\t<div class=\"elementor-element elementor-element-63ec90e e-flex e-con-boxed e-con e-parent\" data-id=\"63ec90e\" data-element_type=\"container\" data-core-v316-plus=\"true\">\n\t\t\t\t\t<div class=\"e-con-inner\">\n\t\t\t\t<div class=\"elementor-element elementor-element-fe9c918 elementor-widget elementor-widget-text-editor\" data-id=\"fe9c918\" data-element_type=\"widget\" data-widget_type=\"text-editor.default\">\n\t\t\t\t<div class=\"elementor-widget-container\">\n\t\t\t\t\t\t\t<p class=\"p1\">Les facettes E-Max constituent l&rsquo;une des solutions esth\u00e9tiques les plus efficaces pour les patients qui souhaitent am\u00e9liorer leur esth\u00e9tique dentaire globale et obtenir un sourire parfait.<\/p>\t\t\t\t\t\t<\/div>\n\t\t\t\t<\/div>\n\t\t\t\t<div class=\"elementor-element elementor-element-6eae6ed elementor-widget elementor-widget-image\" data-id=\"6eae6ed\" data-element_type=\"widget\" data-widget_type=\"image.default\">\n\t\t\t\t<div class=\"elementor-widget-container\">\n\t\t\t\t\t\t\t\t\t\t\t\t\t<img fetchpriority=\"high\" decoding=\"async\" width=\"2560\" height=\"853\" src=\"https:\/\/estoriaclinic.com.tr\/wp-content\/uploads\/2024\/08\/porselen-dis-nasil-yapilir-scaled.webp\" class=\"attachment-full size-full wp-image-13801\" alt=\"\" srcset=\"https:\/\/estoriaclinic.com.tr\/wp-content\/uploads\/2024\/08\/porselen-dis-nasil-yapilir-scaled.webp 2560w, https:\/\/estoriaclinic.com.tr\/wp-content\/uploads\/2024\/08\/porselen-dis-nasil-yapilir-300x100.webp 300w, https:\/\/estoriaclinic.com.tr\/wp-content\/uploads\/2024\/08\/porselen-dis-nasil-yapilir-1024x341.webp 1024w, https:\/\/estoriaclinic.com.tr\/wp-content\/uploads\/2024\/08\/porselen-dis-nasil-yapilir-768x256.webp 768w, https:\/\/estoriaclinic.com.tr\/wp-content\/uploads\/2024\/08\/porselen-dis-nasil-yapilir-1536x512.webp 1536w, https:\/\/estoriaclinic.com.tr\/wp-content\/uploads\/2024\/08\/porselen-dis-nasil-yapilir-2048x683.webp 2048w\" sizes=\"(max-width: 2560px) 100vw, 2560px\" \/>\t\t\t\t\t\t\t\t\t\t\t\t\t<\/div>\n\t\t\t\t<\/div>\n\t\t\t\t\t<\/div>\n\t\t\t\t<\/div>\n\t\t<div class=\"elementor-element elementor-element-0aa28ea e-flex e-con-boxed e-con e-parent\" data-id=\"0aa28ea\" data-element_type=\"container\" data-core-v316-plus=\"true\">\n\t\t\t\t\t<div class=\"e-con-inner\">\n\t\t\t\t<div class=\"elementor-element elementor-element-57e13bf elementor-widget elementor-widget-heading\" data-id=\"57e13bf\" data-element_type=\"widget\" data-widget_type=\"heading.default\">\n\t\t\t\t<div class=\"elementor-widget-container\">\n\t\t\t<h3 class=\"elementor-heading-title elementor-size-default\">Processus de traitement des placages stratifi\u00e9s E-Max<\/h3>\t\t<\/div>\n\t\t\t\t<\/div>\n\t\t\t\t<div class=\"elementor-element elementor-element-c8ca27b elementor-widget elementor-widget-heading\" data-id=\"c8ca27b\" data-element_type=\"widget\" data-widget_type=\"heading.default\">\n\t\t\t\t<div class=\"elementor-widget-container\">\n\t\t\t<h4 class=\"elementor-heading-title elementor-size-default\">Premier examen et conseil<\/h4>\t\t<\/div>\n\t\t\t\t<\/div>\n\t\t\t\t<div class=\"elementor-element elementor-element-012437d elementor-widget elementor-widget-text-editor\" data-id=\"012437d\" data-element_type=\"widget\" data-widget_type=\"text-editor.default\">\n\t\t\t\t<div class=\"elementor-widget-container\">\n\t\t\t\t\t\t\t<p class=\"p1\">Le traitement par facettes stratifi\u00e9es E-Max commence par un examen et une s\u00e9ance de conseil avec votre dentiste. \u00c0 ce stade, l&rsquo;\u00e9tat de vos dents est \u00e9valu\u00e9 et il est d\u00e9termin\u00e9 si les facettes vous conviennent. Votre dentiste vous donne des informations d\u00e9taill\u00e9es sur le processus de traitement et \u00e9labore un plan de traitement adapt\u00e9 \u00e0 vos besoins.<\/p>\t\t\t\t\t\t<\/div>\n\t\t\t\t<\/div>\n\t\t\t\t<div class=\"elementor-element elementor-element-eb1f65d elementor-widget elementor-widget-heading\" data-id=\"eb1f65d\" data-element_type=\"widget\" data-widget_type=\"heading.default\">\n\t\t\t\t<div class=\"elementor-widget-container\">\n\t\t\t<h4 class=\"elementor-heading-title elementor-size-default\">Pr\u00e9paration des dents<\/h4>\t\t<\/div>\n\t\t\t\t<\/div>\n\t\t\t\t<div class=\"elementor-element elementor-element-ab9e0a8 elementor-widget elementor-widget-text-editor\" data-id=\"ab9e0a8\" data-element_type=\"widget\" data-widget_type=\"text-editor.default\">\n\t\t\t\t<div class=\"elementor-widget-container\">\n\t\t\t\t\t\t\t<p class=\"p1\">Pour appliquer les facettes E-Max, une tr\u00e8s petite quantit\u00e9 de tissu d&rsquo;\u00e9mail est enlev\u00e9e de la surface avant des dents. Cette op\u00e9ration est n\u00e9cessaire pour que les facettes s&rsquo;adaptent parfaitement aux dents. Une anesth\u00e9sie locale est g\u00e9n\u00e9ralement appliqu\u00e9e pendant la pr\u00e9paration des dents, afin que vous ne ressentiez aucune g\u00eane pendant la proc\u00e9dure.<\/p>\t\t\t\t\t\t<\/div>\n\t\t\t\t<\/div>\n\t\t\t\t\t<\/div>\n\t\t\t\t<\/div>\n\t\t<div class=\"elementor-element elementor-element-0e1a1db e-flex e-con-boxed e-con e-parent\" data-id=\"0e1a1db\" data-element_type=\"container\" data-core-v316-plus=\"true\">\n\t\t\t\t\t<div class=\"e-con-inner\">\n\t\t<div class=\"elementor-element elementor-element-990cce7 e-con-full e-flex e-con e-child\" data-id=\"990cce7\" data-element_type=\"container\">\n\t\t\t\t<div class=\"elementor-element elementor-element-a98a31d elementor-widget elementor-widget-heading\" data-id=\"a98a31d\" data-element_type=\"widget\" data-widget_type=\"heading.default\">\n\t\t\t\t<div class=\"elementor-widget-container\">\n\t\t\t<h4 class=\"elementor-heading-title elementor-size-default\">Mesure<br><\/h4>\t\t<\/div>\n\t\t\t\t<\/div>\n\t\t\t\t<div class=\"elementor-element elementor-element-943ff92 elementor-widget elementor-widget-text-editor\" data-id=\"943ff92\" data-element_type=\"widget\" data-widget_type=\"text-editor.default\">\n\t\t\t\t<div class=\"elementor-widget-container\">\n\t\t\t\t\t\t\t<p class=\"p1\">Apr\u00e8s la pr\u00e9paration des dents, des empreintes de vos dents sont prises pour la fabrication des facettes E-Max. Ces empreintes permettent de pr\u00e9parer individuellement les facettes en laboratoire. Lors de la prise d&#8217;empreinte, le dentiste utilise des mat\u00e9riaux sp\u00e9ciaux pour minimiser la sensibilit\u00e9 des dents et des gencives.<\/p>\t\t\t\t\t\t<\/div>\n\t\t\t\t<\/div>\n\t\t\t\t<\/div>\n\t\t<div class=\"elementor-element elementor-element-5ad8b59 e-con-full e-flex e-con e-child\" data-id=\"5ad8b59\" data-element_type=\"container\">\n\t\t\t\t<div class=\"elementor-element elementor-element-a6e968b elementor-widget elementor-widget-heading\" data-id=\"a6e968b\" data-element_type=\"widget\" data-widget_type=\"heading.default\">\n\t\t\t\t<div class=\"elementor-widget-container\">\n\t\t\t<h4 class=\"elementor-heading-title elementor-size-default\">Rev\u00eatements temporaires <\/h4>\t\t<\/div>\n\t\t\t\t<\/div>\n\t\t\t\t<div class=\"elementor-element elementor-element-3a3650c elementor-widget elementor-widget-text-editor\" data-id=\"3a3650c\" data-element_type=\"widget\" data-widget_type=\"text-editor.default\">\n\t\t\t\t<div class=\"elementor-widget-container\">\n\t\t\t\t\t\t\t<p class=\"p1\">Alors que les facettes E-Max sont pr\u00e9par\u00e9es en laboratoire, les facettes temporaires sont plac\u00e9es pour prot\u00e9ger vos dents et leur donner un aspect esth\u00e9tique. Ces facettes temporaires vous permettent d&rsquo;utiliser vos dents et de les prot\u00e9ger contre les facteurs externes.<\/p>\t\t\t\t\t\t<\/div>\n\t\t\t\t<\/div>\n\t\t\t\t<\/div>\n\t\t<div class=\"elementor-element elementor-element-6d5ead5 e-con-full e-flex e-con e-child\" data-id=\"6d5ead5\" data-element_type=\"container\">\n\t\t\t\t<div class=\"elementor-element elementor-element-630c94d elementor-widget elementor-widget-heading\" data-id=\"630c94d\" data-element_type=\"widget\" data-widget_type=\"heading.default\">\n\t\t\t\t<div class=\"elementor-widget-container\">\n\t\t\t<h4 class=\"elementor-heading-title elementor-size-default\"> Mise en place des E-Max Coatings<\/h4>\t\t<\/div>\n\t\t\t\t<\/div>\n\t\t\t\t<div class=\"elementor-element elementor-element-2d3b692 elementor-widget elementor-widget-text-editor\" data-id=\"2d3b692\" data-element_type=\"widget\" data-widget_type=\"text-editor.default\">\n\t\t\t\t<div class=\"elementor-widget-container\">\n\t\t\t\t\t\t\t<p class=\"p1\">Les facettes E-Max pr\u00e9par\u00e9es en laboratoire sont plac\u00e9es sur les dents et fix\u00e9es \u00e0 l&rsquo;aide d&rsquo;un adh\u00e9sif sp\u00e9cial. \u00c0 ce stade, l&rsquo;adaptation des facettes aux dents est soigneusement v\u00e9rifi\u00e9e et des ajustements mineurs sont effectu\u00e9s si n\u00e9cessaire. Les facettes E-Max s&rsquo;adaptent parfaitement \u00e0 vos dents et offrent un aspect naturel.<\/p>\t\t\t\t\t\t<\/div>\n\t\t\t\t<\/div>\n\t\t\t\t<\/div>\n\t\t<div class=\"elementor-element elementor-element-eec84bb e-con-full e-flex e-con e-child\" data-id=\"eec84bb\" data-element_type=\"container\">\n\t\t\t\t<div class=\"elementor-element elementor-element-269d068 elementor-widget elementor-widget-heading\" data-id=\"269d068\" data-element_type=\"widget\" data-widget_type=\"heading.default\">\n\t\t\t\t<div class=\"elementor-widget-container\">\n\t\t\t<h4 class=\"elementor-heading-title elementor-size-default\">Contr\u00f4les finaux et ajustements<\/h4>\t\t<\/div>\n\t\t\t\t<\/div>\n\t\t\t\t<div class=\"elementor-element elementor-element-1429cea elementor-widget elementor-widget-text-editor\" data-id=\"1429cea\" data-element_type=\"widget\" data-widget_type=\"text-editor.default\">\n\t\t\t\t<div class=\"elementor-widget-container\">\n\t\t\t\t\t\t\t<p class=\"p1\">Apr\u00e8s la pose des facettes, votre dentiste effectue des contr\u00f4les finaux. Au cours de ces contr\u00f4les, il \u00e9value l&rsquo;ad\u00e9quation des facettes aux fonctions de morsure et de mastication. Si n\u00e9cessaire, des ajustements finaux sont apport\u00e9s aux facettes. Une fois le traitement termin\u00e9, vous aurez un sourire naturel et esth\u00e9tique gr\u00e2ce \u00e0 vos nouvelles facettes E-Max.<\/p>\t\t\t\t\t\t<\/div>\n\t\t\t\t<\/div>\n\t\t\t\t<\/div>\n\t\t\t\t\t<\/div>\n\t\t\t\t<\/div>\n\t\t<div class=\"elementor-element elementor-element-35978ae e-flex e-con-boxed e-con e-parent\" data-id=\"35978ae\" data-element_type=\"container\" data-core-v316-plus=\"true\">\n\t\t\t\t\t<div class=\"e-con-inner\">\n\t\t\t\t<div class=\"elementor-element elementor-element-d7f9259 elementor-widget elementor-widget-image\" data-id=\"d7f9259\" data-element_type=\"widget\" data-widget_type=\"image.default\">\n\t\t\t\t<div class=\"elementor-widget-container\">\n\t\t\t\t\t\t\t\t\t\t\t\t\t<img decoding=\"async\" width=\"2560\" height=\"853\" src=\"https:\/\/estoriaclinic.com.tr\/wp-content\/uploads\/2024\/08\/porselen-dis-kimlere-yapilir-scaled.webp\" class=\"attachment-full size-full wp-image-13808\" alt=\"\" srcset=\"https:\/\/estoriaclinic.com.tr\/wp-content\/uploads\/2024\/08\/porselen-dis-kimlere-yapilir-scaled.webp 2560w, https:\/\/estoriaclinic.com.tr\/wp-content\/uploads\/2024\/08\/porselen-dis-kimlere-yapilir-300x100.webp 300w, https:\/\/estoriaclinic.com.tr\/wp-content\/uploads\/2024\/08\/porselen-dis-kimlere-yapilir-1024x341.webp 1024w, https:\/\/estoriaclinic.com.tr\/wp-content\/uploads\/2024\/08\/porselen-dis-kimlere-yapilir-768x256.webp 768w, https:\/\/estoriaclinic.com.tr\/wp-content\/uploads\/2024\/08\/porselen-dis-kimlere-yapilir-1536x512.webp 1536w, https:\/\/estoriaclinic.com.tr\/wp-content\/uploads\/2024\/08\/porselen-dis-kimlere-yapilir-2048x683.webp 2048w\" sizes=\"(max-width: 2560px) 100vw, 2560px\" \/>\t\t\t\t\t\t\t\t\t\t\t\t\t<\/div>\n\t\t\t\t<\/div>\n\t\t\t\t\t<\/div>\n\t\t\t\t<\/div>\n\t\t<div class=\"elementor-element elementor-element-09730b5 e-flex e-con-boxed e-con e-parent\" data-id=\"09730b5\" data-element_type=\"container\" data-core-v316-plus=\"true\">\n\t\t\t\t\t<div class=\"e-con-inner\">\n\t\t\t\t<div class=\"elementor-element elementor-element-3bb27d4 elementor-widget elementor-widget-heading\" data-id=\"3bb27d4\" data-element_type=\"widget\" data-widget_type=\"heading.default\">\n\t\t\t\t<div class=\"elementor-widget-container\">\n\t\t\t<h3 class=\"elementor-heading-title elementor-size-default\">Avantages des facettes stratifi\u00e9es E-Max<\/h3>\t\t<\/div>\n\t\t\t\t<\/div>\n\t\t\t\t\t<\/div>\n\t\t\t\t<\/div>\n\t\t<div class=\"elementor-element elementor-element-b1db2d0 e-flex e-con-boxed e-con e-parent\" data-id=\"b1db2d0\" data-element_type=\"container\" data-core-v316-plus=\"true\">\n\t\t\t\t\t<div class=\"e-con-inner\">\n\t\t<div class=\"elementor-element elementor-element-3c6b376 e-con-full e-flex e-con e-child\" data-id=\"3c6b376\" data-element_type=\"container\">\n\t\t\t\t<div class=\"elementor-element elementor-element-13ca119 elementor-widget elementor-widget-heading\" data-id=\"13ca119\" data-element_type=\"widget\" data-widget_type=\"heading.default\">\n\t\t\t\t<div class=\"elementor-widget-container\">\n\t\t\t<h4 class=\"elementor-heading-title elementor-size-default\">Aspect naturel et esth\u00e9tique<\/h4>\t\t<\/div>\n\t\t\t\t<\/div>\n\t\t\t\t<div class=\"elementor-element elementor-element-e56e536 elementor-widget elementor-widget-text-editor\" data-id=\"e56e536\" data-element_type=\"widget\" data-widget_type=\"text-editor.default\">\n\t\t\t\t<div class=\"elementor-widget-container\">\n\t\t\t\t\t\t\t<p class=\"p1\">Les facettes E-Max imitent parfaitement la couleur, la structure et la transparence naturelles des dents. Elles offrent donc les meilleurs r\u00e9sultats esth\u00e9tiques et constituent l&rsquo;alternative la plus proche de l&rsquo;apparence naturelle des dents.<\/p>\t\t\t\t\t\t<\/div>\n\t\t\t\t<\/div>\n\t\t\t\t<\/div>\n\t\t<div class=\"elementor-element elementor-element-22a7755 e-con-full e-flex e-con e-child\" data-id=\"22a7755\" data-element_type=\"container\">\n\t\t\t\t<div class=\"elementor-element elementor-element-80f2c0c elementor-widget elementor-widget-heading\" data-id=\"80f2c0c\" data-element_type=\"widget\" data-widget_type=\"heading.default\">\n\t\t\t\t<div class=\"elementor-widget-container\">\n\t\t\t<h4 class=\"elementor-heading-title elementor-size-default\">Durabilit\u00e9 et long\u00e9vit\u00e9 <\/h4>\t\t<\/div>\n\t\t\t\t<\/div>\n\t\t\t\t<div class=\"elementor-element elementor-element-d59f42d elementor-widget elementor-widget-text-editor\" data-id=\"d59f42d\" data-element_type=\"widget\" data-widget_type=\"text-editor.default\">\n\t\t\t\t<div class=\"elementor-widget-container\">\n\t\t\t\t\t\t\t<p class=\"p1\">La porcelaine de disilicate de lithium est un mat\u00e9riau extr\u00eamement durable et a une longue dur\u00e9e de vie. Avec un entretien appropri\u00e9, les facettes E-Max peuvent rester aussi esth\u00e9tiques et fonctionnelles qu&rsquo;au premier jour pendant de nombreuses ann\u00e9es.<\/p>\t\t\t\t\t\t<\/div>\n\t\t\t\t<\/div>\n\t\t\t\t<\/div>\n\t\t<div class=\"elementor-element elementor-element-9a73ff0 e-con-full e-flex e-con e-child\" data-id=\"9a73ff0\" data-element_type=\"container\">\n\t\t\t\t<div class=\"elementor-element elementor-element-7c0829f elementor-widget elementor-widget-heading\" data-id=\"7c0829f\" data-element_type=\"widget\" data-widget_type=\"heading.default\">\n\t\t\t\t<div class=\"elementor-widget-container\">\n\t\t\t<h4 class=\"elementor-heading-title elementor-size-default\">Ne change pas de couleur <\/h4>\t\t<\/div>\n\t\t\t\t<\/div>\n\t\t\t\t<div class=\"elementor-element elementor-element-37e85c9 elementor-widget elementor-widget-text-editor\" data-id=\"37e85c9\" data-element_type=\"widget\" data-widget_type=\"text-editor.default\">\n\t\t\t\t<div class=\"elementor-widget-container\">\n\t\t\t\t\t\t\t<p class=\"p1\">Les facettes E-Max ne changent pas de couleur avec le temps. Ces facettes, qui r\u00e9sistent aux substances tachantes telles que le th\u00e9, le caf\u00e9 et la cigarette, garantissent que vos dents restent blanches et brillantes.<\/p>\t\t\t\t\t\t<\/div>\n\t\t\t\t<\/div>\n\t\t\t\t<\/div>\n\t\t<div class=\"elementor-element elementor-element-ea30f4a e-con-full e-flex e-con e-child\" data-id=\"ea30f4a\" data-element_type=\"container\">\n\t\t\t\t<div class=\"elementor-element elementor-element-e533d1e elementor-widget elementor-widget-heading\" data-id=\"e533d1e\" data-element_type=\"widget\" data-widget_type=\"heading.default\">\n\t\t\t\t<div class=\"elementor-widget-container\">\n\t\t\t<h4 class=\"elementor-heading-title elementor-size-default\">Biocompatibilit\u00e9 <\/h4>\t\t<\/div>\n\t\t\t\t<\/div>\n\t\t\t\t<div class=\"elementor-element elementor-element-6741a46 elementor-widget elementor-widget-text-editor\" data-id=\"6741a46\" data-element_type=\"widget\" data-widget_type=\"text-editor.default\">\n\t\t\t\t<div class=\"elementor-widget-container\">\n\t\t\t\t\t\t\t<p class=\"p1\">La porcelaine E-Max est un mat\u00e9riau biocompatible qui s&rsquo;harmonise parfaitement avec le tissu gingival. Comme elle est compatible avec les gencives, elle ne provoque pas de probl\u00e8mes d&rsquo;inflammation ou d&rsquo;irritation.<\/p>\t\t\t\t\t\t<\/div>\n\t\t\t\t<\/div>\n\t\t\t\t<\/div>\n\t\t\t\t\t<\/div>\n\t\t\t\t<\/div>\n\t\t<div class=\"elementor-element elementor-element-6185740 e-flex e-con-boxed e-con e-parent\" data-id=\"6185740\" data-element_type=\"container\" data-core-v316-plus=\"true\">\n\t\t\t\t\t<div class=\"e-con-inner\">\n\t\t<div class=\"elementor-element elementor-element-2f00305 e-con-full e-flex e-con e-child\" data-id=\"2f00305\" data-element_type=\"container\">\n\t\t\t\t<div class=\"elementor-element elementor-element-0aca84c elementor-widget elementor-widget-image\" data-id=\"0aca84c\" data-element_type=\"widget\" data-widget_type=\"image.default\">\n\t\t\t\t<div class=\"elementor-widget-container\">\n\t\t\t\t\t\t\t\t\t\t\t\t\t<img decoding=\"async\" src=\"https:\/\/estoriaclinic.com.tr\/wp-content\/uploads\/elementor\/thumbs\/porselen-lamina-dis-uzun-omurlu-mu-qtbai1vkx36a8pvj2ib69lpx9xb6trsjvg7vah02k8.webp\" title=\"porselen-lamina-dis-uzun-omurlu-mu\" alt=\"porselen-lamina-dis-uzun-omurlu-mu\" loading=\"lazy\" \/>\t\t\t\t\t\t\t\t\t\t\t\t\t<\/div>\n\t\t\t\t<\/div>\n\t\t\t\t<\/div>\n\t\t<div class=\"elementor-element elementor-element-8ff7f38 e-con-full e-flex e-con e-child\" data-id=\"8ff7f38\" data-element_type=\"container\">\n\t\t\t\t<div class=\"elementor-element elementor-element-3127353 elementor-widget elementor-widget-heading\" data-id=\"3127353\" data-element_type=\"widget\" data-widget_type=\"heading.default\">\n\t\t\t\t<div class=\"elementor-widget-container\">\n\t\t\t<h3 class=\"elementor-heading-title elementor-size-default\"> Soins apr\u00e8s la pose de facettes stratifi\u00e9es E-Max<\/h3>\t\t<\/div>\n\t\t\t\t<\/div>\n\t\t\t\t<div class=\"elementor-element elementor-element-3f047ea elementor-widget elementor-widget-heading\" data-id=\"3f047ea\" data-element_type=\"widget\" data-widget_type=\"heading.default\">\n\t\t\t\t<div class=\"elementor-widget-container\">\n\t\t\t<h4 class=\"elementor-heading-title elementor-size-default\">Attention \u00e0 l'hygi\u00e8ne bucco-dentaire <\/h4>\t\t<\/div>\n\t\t\t\t<\/div>\n\t\t\t\t<div class=\"elementor-element elementor-element-5ddf972 elementor-widget elementor-widget-text-editor\" data-id=\"5ddf972\" data-element_type=\"widget\" data-widget_type=\"text-editor.default\">\n\t\t\t\t<div class=\"elementor-widget-container\">\n\t\t\t\t\t\t\t<p class=\"p1\">Pour que les facettes E-Max soient durables, il convient de pr\u00eater attention \u00e0 l&rsquo;hygi\u00e8ne bucco-dentaire. Vous devez vous brosser les dents au moins deux fois par jour, utiliser du fil dentaire et renforcer votre hygi\u00e8ne bucco-dentaire avec un bain de bouche.<\/p>\t\t\t\t\t\t<\/div>\n\t\t\t\t<\/div>\n\t\t\t\t<div class=\"elementor-element elementor-element-a4d7234 elementor-widget elementor-widget-heading\" data-id=\"a4d7234\" data-element_type=\"widget\" data-widget_type=\"heading.default\">\n\t\t\t\t<div class=\"elementor-widget-container\">\n\t\t\t<h4 class=\"elementor-heading-title elementor-size-default\">Contr\u00f4les dentaires r\u00e9guliers<\/h4>\t\t<\/div>\n\t\t\t\t<\/div>\n\t\t\t\t<div class=\"elementor-element elementor-element-769d54a elementor-widget elementor-widget-text-editor\" data-id=\"769d54a\" data-element_type=\"widget\" data-widget_type=\"text-editor.default\">\n\t\t\t\t<div class=\"elementor-widget-container\">\n\t\t\t\t\t\t\t<p class=\"p1\">Vous devez vous rendre r\u00e9guli\u00e8rement chez votre dentiste pour faire contr\u00f4ler l&rsquo;\u00e9tat de vos facettes E-Max et pour assurer une d\u00e9tection pr\u00e9coce des probl\u00e8mes potentiels.<\/p>\t\t\t\t\t\t<\/div>\n\t\t\t\t<\/div>\n\t\t\t\t<div class=\"elementor-element elementor-element-fc1a12c elementor-widget elementor-widget-heading\" data-id=\"fc1a12c\" data-element_type=\"widget\" data-widget_type=\"heading.default\">\n\t\t\t\t<div class=\"elementor-widget-container\">\n\t\t\t<h4 class=\"elementor-heading-title elementor-size-default\">\u00c9viter les aliments durs<\/h4>\t\t<\/div>\n\t\t\t\t<\/div>\n\t\t\t\t<div class=\"elementor-element elementor-element-e96f639 elementor-widget elementor-widget-text-editor\" data-id=\"e96f639\" data-element_type=\"widget\" data-widget_type=\"text-editor.default\">\n\t\t\t\t<div class=\"elementor-widget-container\">\n\t\t\t\t\t\t\t<p class=\"p1\">Bien que les rev\u00eatements E-Max soient durables, vous devez \u00e9viter de consommer des aliments tr\u00e8s durs. Cela permet d&rsquo;\u00e9viter d&rsquo;endommager les rev\u00eatements et d&rsquo;assurer leur long\u00e9vit\u00e9.<\/p>\t\t\t\t\t\t<\/div>\n\t\t\t\t<\/div>\n\t\t\t\t<\/div>\n\t\t\t\t\t<\/div>\n\t\t\t\t<\/div>\n\t\t<div class=\"elementor-element elementor-element-570b2c0 e-flex e-con-boxed e-con e-parent\" data-id=\"570b2c0\" data-element_type=\"container\" data-core-v316-plus=\"true\">\n\t\t\t\t\t<div class=\"e-con-inner\">\n\t\t\t\t<div class=\"elementor-element elementor-element-81e8719 elementor-widget elementor-widget-heading\" data-id=\"81e8719\" data-element_type=\"widget\" data-widget_type=\"heading.default\">\n\t\t\t\t<div class=\"elementor-widget-container\">\n\t\t\t<h3 class=\"elementor-heading-title elementor-size-default\">Co\u00fbts du placage stratifi\u00e9 E-Max<\/h3>\t\t<\/div>\n\t\t\t\t<\/div>\n\t\t\t\t\t<\/div>\n\t\t\t\t<\/div>\n\t\t<div class=\"elementor-element elementor-element-7fc45d7 e-flex e-con-boxed e-con e-parent\" data-id=\"7fc45d7\" data-element_type=\"container\" data-core-v316-plus=\"true\">\n\t\t\t\t\t<div class=\"e-con-inner\">\n\t\t\t\t<div class=\"elementor-element elementor-element-4b3662e elementor-widget elementor-widget-text-editor\" data-id=\"4b3662e\" data-element_type=\"widget\" data-widget_type=\"text-editor.default\">\n\t\t\t\t<div class=\"elementor-widget-container\">\n\t\t\t\t\t\t\t<p class=\"p1\">Le co\u00fbt du traitement par facettes E-Max peut varier en fonction du nombre de dents \u00e0 traiter, de l&rsquo;exp\u00e9rience du dentiste et de la qualit\u00e9 du mat\u00e9riau utilis\u00e9. Il est important de proc\u00e9der \u00e0 une analyse d\u00e9taill\u00e9e des co\u00fbts avec votre dentiste avant le traitement.<\/p>\t\t\t\t\t\t<\/div>\n\t\t\t\t<\/div>\n\t\t\t\t\t<\/div>\n\t\t\t\t<\/div>\n\t\t\t\t<\/div>\n\t\t","protected":false},"excerpt":{"rendered":"<p>Qu&rsquo;est-ce que le placage stratifi\u00e9 E-Max ? Les facettes stratifi\u00e9es E-Max sont des feuilles de porcelaine minces et translucides qui sont plac\u00e9es sur la face avant des dents afin d&rsquo;am\u00e9liorer l&rsquo;esth\u00e9tique et la fonctionnalit\u00e9 de la dentition. E-Max est fabriqu\u00e9 \u00e0 partir d&rsquo;un type de porcelaine solide et durable, le disilicate de lithium. Ce mat\u00e9riau&#8230;<\/p>\n","protected":false},"author":1,"featured_media":14199,"parent":0,"menu_order":0,"comment_status":"closed","ping_status":"closed","template":"","meta":{"_acf_changed":false,"om_disable_all_campaigns":false,"inline_featured_image":false,"_monsterinsights_skip_tracking":false,"_monsterinsights_sitenote_active":false,"_monsterinsights_sitenote_note":"","_monsterinsights_sitenote_category":0,"footnotes":""},"class_list":["post-14726","page","type-page","status-publish","has-post-thumbnail","hentry"],"acf":[],"aioseo_notices":[],"_links":{"self":[{"href":"https:\/\/estoriaclinic.com.tr\/fr\/wp-json\/wp\/v2\/pages\/14726","targetHints":{"allow":["GET"]}}],"collection":[{"href":"https:\/\/estoriaclinic.com.tr\/fr\/wp-json\/wp\/v2\/pages"}],"about":[{"href":"https:\/\/estoriaclinic.com.tr\/fr\/wp-json\/wp\/v2\/types\/page"}],"author":[{"embeddable":true,"href":"https:\/\/estoriaclinic.com.tr\/fr\/wp-json\/wp\/v2\/users\/1"}],"replies":[{"embeddable":true,"href":"https:\/\/estoriaclinic.com.tr\/fr\/wp-json\/wp\/v2\/comments?post=14726"}],"version-history":[{"count":7,"href":"https:\/\/estoriaclinic.com.tr\/fr\/wp-json\/wp\/v2\/pages\/14726\/revisions"}],"predecessor-version":[{"id":14759,"href":"https:\/\/estoriaclinic.com.tr\/fr\/wp-json\/wp\/v2\/pages\/14726\/revisions\/14759"}],"wp:featuredmedia":[{"embeddable":true,"href":"https:\/\/estoriaclinic.com.tr\/fr\/wp-json\/wp\/v2\/media\/14199"}],"wp:attachment":[{"href":"https:\/\/estoriaclinic.com.tr\/fr\/wp-json\/wp\/v2\/media?parent=14726"}],"curies":[{"name":"wp","href":"https:\/\/api.w.org\/{rel}","templated":true}]}}